{"id":34326,"date":"2024-10-22T22:49:59","date_gmt":"2024-10-23T01:49:59","guid":{"rendered":"https:\/\/fvcb.com.br\/acervo\/?page_id=34326"},"modified":"2026-01-22T10:36:05","modified_gmt":"2026-01-22T13:36:05","slug":"subcolecoes","status":"publish","type":"page","link":"https:\/\/fvcb.com.br\/acervo\/subcolecoes\/","title":{"rendered":"Subcole\u00e7\u00f5es"},"content":{"rendered":"\n<p><mark style=\"background-color:rgba(0, 0, 0, 0)\" class=\"has-inline-color has-darkgray-color\">As subcole\u00e7\u00f5es da Cole\u00e7\u00e3o Artistas Contempor\u00e2neos s\u00e3o recortes do Acervo Art\u00edstico que representam artistas que possu\u00edmos volume expressivo de suas obras. Todas as subcole\u00e7\u00f5es correspondem a artistas cuja a maior parte dos seus trabalhos est\u00e3o sob a salvaguarda da Funda\u00e7\u00e3o Vera Chaves Barcellos.<\/mark><\/p>\n\n\n\n<div class=\"wp-block-tainacan-terms-list\" data-module=\"terms-list\"><ul class=\"terms-list  terms-layout-grid\"><li class=\"term-list-item\"><button type=\"button\" class=\"components-button has-icon\" aria-label=\"Remover\"><span class=\"dashicon dashicons dashicons-no-alt\"><\/span><\/button><a id=\"term-id-175\" href=\"https:\/\/fvcb.com.br\/acervo\/index.php\/artista\/claudio-goulart\/\" class=\" \"><img decoding=\"async\" src=\"https:\/\/fvcb.com.br\/acervo\/wp-content\/uploads\/2024\/10\/cropped-48-Claudio-Goulart-2Resultado-275x275.webp\" alt=\"Claudio Goulart\"\/><span>Claudio Goulart<\/span><\/a><\/li><li class=\"term-list-item\"><button type=\"button\" class=\"components-button has-icon\" aria-label=\"Remover\"><span class=\"dashicon dashicons dashicons-no-alt\"><\/span><\/button><a id=\"term-id-577\" href=\"https:\/\/fvcb.com.br\/acervo\/index.php\/artista\/patricio-farias\/\" class=\" \"><img decoding=\"async\" src=\"https:\/\/fvcb.com.br\/acervo\/wp-content\/uploads\/2024\/10\/cropped-Encarte-exposicao-Trabalhos-Recentes-Arte_Fato-1-275x275.jpg\" alt=\"Patricio Far\u00edas\"\/><span>Patricio Far\u00edas<\/span><\/a><\/li><li class=\"term-list-item\"><button type=\"button\" class=\"components-button has-icon\" aria-label=\"Remover\"><span class=\"dashicon dashicons dashicons-no-alt\"><\/span><\/button><a id=\"term-id-664\" href=\"https:\/\/fvcb.com.br\/acervo\/index.php\/artista\/silvio-nunes-pinto\/\" class=\" \"><img decoding=\"async\" src=\"https:\/\/fvcb.com.br\/acervo\/wp-content\/uploads\/2024\/10\/cropped-Silvio-3-maior-70x88Resultado-scaled-1-275x275.webp\" alt=\"Silvio Nunes Pinto\"\/><span>Silvio Nunes Pinto<\/span><\/a><\/li><\/ul><\/div>\n\n\n\n<h2 class=\"wp-block-heading\"><strong><mark style=\"background-color:rgba(0, 0, 0, 0)\" class=\"has-inline-color has-default-color\"><a href=\"https:\/\/fvcb.com.br\/acervo\/index.php\/artista\/claudio-goulart\/?perpage=12&amp;view_mode=masonry&amp;paged=1&amp;order=ASC&amp;orderby=date&amp;fetch_only=thumbnail%2Ccreation_date%2Ctitle%2Cdescription&amp;fetch_only_meta=\" data-type=\"link\" data-id=\"https:\/\/fvcb.com.br\/acervo\/index.php\/artista\/claudio-goulart\/?perpage=12&amp;view_mode=masonry&amp;paged=1&amp;order=ASC&amp;orderby=date&amp;fetch_only=thumbnail%2Ccreation_date%2Ctitle%2Cdescription&amp;fetch_only_meta=\">Claudio Goulart<\/a><\/mark><\/strong><\/h2>\n\n\n\n<p>A subcole\u00e7\u00e3o Claudio Goulart (Porto Alegre\/RS, 1954 \u2013 Amsterd\u00e3\/Holanda, 2005) \u00e9 um panorama da diversa produ\u00e7\u00e3o do artista, com: instala\u00e7\u00f5es, fotografia, arte postal, desenhos, carimbos, videoarte e v\u00e1rios di\u00e1logos entre as linguagens art\u00edsticas, Goulart foi um verdadeiro artista multim\u00eddia, utilizando-se de m\u00faltiplas linguagens art\u00edsticas para elaborar seu trabalho. Ao todo, a subcole\u00e7\u00e3o Claudio Goulart conta com 549 obras do artista. Essa \u00e9 a maior subcole\u00e7\u00e3o da FVCB, e Goulart \u00e9 o segundo artista em n\u00famero de obras no acervo, ficando atr\u00e1s apenas de Vera Chaves Barcellos.<\/p>\n\n\n\n<h2 class=\"wp-block-heading\"><strong><mark style=\"background-color:rgba(0, 0, 0, 0)\" class=\"has-inline-color has-default-color\"><a href=\"https:\/\/fvcb.com.br\/acervo\/index.php\/artista\/patricio-farias\/?perpage=12&amp;view_mode=masonry&amp;order=ASC&amp;orderby=date&amp;fetch_only_meta=&amp;paged=1&amp;fetch_only=thumbnail%2Ccreation_date%2Ctitle%2Cdescription\" data-type=\"link\" data-id=\"https:\/\/fvcb.com.br\/acervo\/index.php\/artista\/patricio-farias\/?perpage=12&amp;view_mode=masonry&amp;order=ASC&amp;orderby=date&amp;fetch_only_meta=&amp;paged=1&amp;fetch_only=thumbnail%2Ccreation_date%2Ctitle%2Cdescription\">Patricio Far\u00edas<\/a><\/mark><\/strong><\/h2>\n\n\n\n<p>A subcole\u00e7\u00e3o Patricio Far\u00edas (Arica\/Chile, 1940) apresenta um total de 148 obras em nosso acervo, e \u00e9 a \u00fanica subcole\u00e7\u00e3o que ainda est\u00e1 em crescimento em raz\u00e3o de ser um artista que continua produzindo.<\/p>\n\n\n\n<p>Neste recorte do acervo podemos ver trabalhos que v\u00e3o do desenho, serigrafia, misturas entre essas duas t\u00e9cnicas, instala\u00e7\u00f5es, e o predom\u00ednio de esculturas. Essas que, por sua vez, podem ser vistas ocupando espa\u00e7os externos \u00e0 salas expositivas, como por vezes ocupam os arredores da Sala dos Pomares, e at\u00e9 mesmo em espa\u00e7os p\u00fablicos como o Parque Marinha do Brasil, em Porto Alegre, onde est\u00e1 exposta uma escultura, <em>Sem t\u00edtulo<\/em>, de 1993, ganhadora do concurso <em>Espa\u00e7o Urbano, Espa\u00e7o Arte<\/em>.<\/p>\n\n\n\n<h2 class=\"wp-block-heading\"><strong><mark style=\"background-color:rgba(0, 0, 0, 0)\" class=\"has-inline-color has-default-color\"><a href=\"https:\/\/fvcb.com.br\/acervo\/index.php\/artista\/silvio-nunes-pinto\/?perpage=12&amp;view_mode=masonry&amp;paged=1&amp;order=ASC&amp;orderby=date&amp;fetch_only=thumbnail%2Ccreation_date%2Ctitle%2Cdescription&amp;fetch_only_meta=\" data-type=\"link\" data-id=\"https:\/\/fvcb.com.br\/acervo\/index.php\/artista\/silvio-nunes-pinto\/?perpage=12&amp;view_mode=masonry&amp;paged=1&amp;order=ASC&amp;orderby=date&amp;fetch_only=thumbnail%2Ccreation_date%2Ctitle%2Cdescription&amp;fetch_only_meta=\">Silvio Nunes Pinto<\/a><\/mark><\/strong><\/h2>\n\n\n\n<p>Silvio Nunes Pinto (Viam\u00e3o\/RS, 1938 &#8211; 2005) foi um artista, escultor e agricultor, cuja a maior parte da produ\u00e7\u00e3o se deu nos suportes: madeira e metal.&nbsp;<\/p>\n\n\n\n<p>Somam-se nessa subcole\u00e7\u00e3o 348 obras, das quais todas s\u00e3o esculturas ou objetos em madeira. O artista passou boa parte da sua vida produzindo pe\u00e7as que, por vezes, possu\u00edam um car\u00e1ter utilit\u00e1rio, como pentes, rastelos, cadeiras, mas tamb\u00e9m criando com muito cuidado formal. Em certos trabalhos, borrava as linhas entre objeto funcional e item decorativo. A maior parte das produ\u00e7\u00f5es de Nunes Pinto pertence \u00e0 FVCB, que adquiriu sua obra de forma p\u00f3stuma, ap\u00f3s o falecimento do artista em 2005.<\/p>\n","protected":false},"excerpt":{"rendered":"<p>As subcole\u00e7\u00f5es da Cole\u00e7\u00e3o Artistas Contempor\u00e2neos s\u00e3o recortes do Acervo Art\u00edstico que representam artistas que possu\u00edmos volume expressivo de suas obras. Todas as subcole\u00e7\u00f5es correspondem a artistas cuja a maior parte dos seus trabalhos est\u00e3o sob a salvaguarda da Funda\u00e7\u00e3o Vera Chaves Barcellos. Claudio Goulart A subcole\u00e7\u00e3o Claudio Goulart (Porto Alegre\/RS, 1954 \u2013 Amsterd\u00e3\/Holanda, 2005) [&hellip;]<\/p>\n","protected":false},"author":2,"featured_media":0,"parent":0,"menu_order":0,"comment_status":"closed","ping_status":"closed","template":"","meta":{"footnotes":""},"class_list":["post-34326","page","type-page","status-publish","hentry"],"_links":{"self":[{"href":"https:\/\/fvcb.com.br\/acervo\/wp-json\/wp\/v2\/pages\/34326","targetHints":{"allow":["GET"]}}],"collection":[{"href":"https:\/\/fvcb.com.br\/acervo\/wp-json\/wp\/v2\/pages"}],"about":[{"href":"https:\/\/fvcb.com.br\/acervo\/wp-json\/wp\/v2\/types\/page"}],"author":[{"embeddable":true,"href":"https:\/\/fvcb.com.br\/acervo\/wp-json\/wp\/v2\/users\/2"}],"replies":[{"embeddable":true,"href":"https:\/\/fvcb.com.br\/acervo\/wp-json\/wp\/v2\/comments?post=34326"}],"version-history":[{"count":16,"href":"https:\/\/fvcb.com.br\/acervo\/wp-json\/wp\/v2\/pages\/34326\/revisions"}],"predecessor-version":[{"id":157512,"href":"https:\/\/fvcb.com.br\/acervo\/wp-json\/wp\/v2\/pages\/34326\/revisions\/157512"}],"wp:attachment":[{"href":"https:\/\/fvcb.com.br\/acervo\/wp-json\/wp\/v2\/media?parent=34326"}],"curies":[{"name":"wp","href":"https:\/\/api.w.org\/{rel}","templated":true}]}}