{"id":34339,"date":"2024-10-22T22:57:52","date_gmt":"2024-10-23T01:57:52","guid":{"rendered":"https:\/\/fvcb.com.br\/acervo\/?page_id=34339"},"modified":"2026-03-13T11:41:58","modified_gmt":"2026-03-13T14:41:58","slug":"exposicoes","status":"publish","type":"page","link":"https:\/\/fvcb.com.br\/acervo\/exposicoes\/","title":{"rendered":"Exposi\u00e7\u00f5es"},"content":{"rendered":"\n<p><mark style=\"background-color:rgba(0, 0, 0, 0)\" class=\"has-inline-color has-default-color\">Ao longo dos quase 20 anos de exist\u00eancia da Funda\u00e7\u00e3o Vera Chaves Barcellos (FVCB), foram realizadas at\u00e9 o momento 34 exposi\u00e7\u00f5es. Sete dessas exposi\u00e7\u00f5es ocorreram no Espa\u00e7o 0, a antiga sede da funda\u00e7\u00e3o, localizada na Galeria Chaves Barcellos, em Porto Alegre\/RS. Essas exposi\u00e7\u00f5es revelam a diversidade lingu\u00edstica do acervo art\u00edstico, destacando as diferentes correntes de pensamento cr\u00edtico e as linhas curatoriais que a institui\u00e7\u00e3o promove.<\/mark><\/p>\n\n\n\n<div class=\"wp-block-tainacan-terms-list\" data-module=\"terms-list\"><ul class=\"terms-list  terms-layout-grid\"><li class=\"term-list-item\"><button type=\"button\" class=\"components-button has-icon\" aria-label=\"Remover\"><span class=\"dashicon dashicons dashicons-no-alt\"><\/span><\/button><a id=\"term-id-1749\" href=\"https:\/\/fvcb.com.br\/acervo\/exposicoes\/ha-pouco\/\" class=\" \"><img decoding=\"async\" src=\"https:\/\/fvcb.com.br\/acervo\/wp-content\/uploads\/2026\/03\/cropped-capa-275x275.png\" alt=\"H\u00e1 pouco?\"\/><span>H\u00e1 pouco?<\/span><\/a><\/li><li class=\"term-list-item\"><button type=\"button\" class=\"components-button has-icon\" aria-label=\"Remover\"><span class=\"dashicon dashicons dashicons-no-alt\"><\/span><\/button><a id=\"term-id-1613\" href=\"https:\/\/fvcb.com.br\/acervo\/exposicoes\/marlies-ritter-pensar-com-as-maos\/\" class=\" \"><img decoding=\"async\" src=\"https:\/\/fvcb.com.br\/acervo\/wp-content\/uploads\/2025\/07\/Marlies-Ritter-\u2013-Pensar-com-as-maos-275x275.jpg\" alt=\"Marlies Ritter - Pensar com as m\u00e3os\"\/><span>Marlies Ritter &#8211; Pensar com as m\u00e3os<\/span><\/a><\/li><li class=\"term-list-item\"><button type=\"button\" class=\"components-button has-icon\" aria-label=\"Remover\"><span class=\"dashicon dashicons dashicons-no-alt\"><\/span><\/button><a id=\"term-id-30\" href=\"https:\/\/fvcb.com.br\/acervo\/exposicoes\/sem-metafora\/\" class=\" \"><img decoding=\"async\" src=\"https:\/\/fvcb.com.br\/acervo\/wp-content\/uploads\/2024\/10\/Sem-Metafora_1Resultado-275x275.webp\" alt=\"Sem Met\u00e1fora\"\/><span>Sem Met\u00e1fora<\/span><\/a><\/li><li class=\"term-list-item\"><button type=\"button\" class=\"components-button has-icon\" aria-label=\"Remover\"><span class=\"dashicon dashicons dashicons-no-alt\"><\/span><\/button><a id=\"term-id-10\" href=\"https:\/\/fvcb.com.br\/acervo\/exposicoes\/eloquencia-e-eficacia-figuras-do-discurso\/\" class=\" \"><img decoding=\"async\" src=\"https:\/\/fvcb.com.br\/acervo\/wp-content\/uploads\/2024\/10\/Eloquencia-e-Eficacia_2Resultado-275x275.webp\" alt=\"Eloqu\u00eancia e Efic\u00e1cia: Figuras do discurso\"\/><span>Eloqu\u00eancia e Efic\u00e1cia: Figuras do discurso<\/span><\/a><\/li><li class=\"term-list-item\"><button type=\"button\" class=\"components-button has-icon\" aria-label=\"Remover\"><span class=\"dashicon dashicons dashicons-no-alt\"><\/span><\/button><a id=\"term-id-15\" href=\"https:\/\/fvcb.com.br\/acervo\/exposicoes\/havera-consequencias\/\" class=\" \"><img decoding=\"async\" src=\"https:\/\/fvcb.com.br\/acervo\/wp-content\/uploads\/2024\/10\/Havera-consequencias_3Resultado-275x275.webp\" alt=\"Haver\u00e1 Consequ\u00eancias\"\/><span>Haver\u00e1 Consequ\u00eancias<\/span><\/a><\/li><li class=\"term-list-item\"><button type=\"button\" class=\"components-button has-icon\" aria-label=\"Remover\"><span class=\"dashicon dashicons dashicons-no-alt\"><\/span><\/button><a id=\"term-id-2\" href=\"https:\/\/fvcb.com.br\/acervo\/exposicoes\/80s\/\" class=\" \"><img decoding=\"async\" src=\"https:\/\/fvcb.com.br\/acervo\/wp-content\/uploads\/2024\/10\/80s_4Resultado-275x275.webp\" alt=\"80's\"\/><span>80&#8217;s<\/span><\/a><\/li><li class=\"term-list-item\"><button type=\"button\" class=\"components-button has-icon\" aria-label=\"Remover\"><span class=\"dashicon dashicons dashicons-no-alt\"><\/span><\/button><a id=\"term-id-19\" href=\"https:\/\/fvcb.com.br\/acervo\/exposicoes\/ineditos-e-reciclados\/\" class=\" \"><img decoding=\"async\" src=\"https:\/\/fvcb.com.br\/acervo\/wp-content\/uploads\/2024\/10\/Ineditos-e-Reciclados_5Resultado-275x275.webp\" alt=\"In\u00e9ditos e Reciclados\"\/><span>In\u00e9ditos e Reciclados<\/span><\/a><\/li><li class=\"term-list-item\"><button type=\"button\" class=\"components-button has-icon\" aria-label=\"Remover\"><span class=\"dashicon dashicons dashicons-no-alt\"><\/span><\/button><a id=\"term-id-23\" href=\"https:\/\/fvcb.com.br\/acervo\/exposicoes\/muntadas-silveira-dialogos-mundo-arte-vida\/\" class=\" \"><img decoding=\"async\" src=\"https:\/\/fvcb.com.br\/acervo\/wp-content\/uploads\/2024\/10\/muntadasResultado-275x275.webp\" alt=\"MUNTADAS\/SILVEIRA: Di\u00e1logos, mundo, arte, vida\"\/><span>MUNTADAS\/SILVEIRA: Di\u00e1logos, mundo, arte, vida<\/span><\/a><\/li><li class=\"term-list-item\"><button type=\"button\" class=\"components-button has-icon\" aria-label=\"Remover\"><span class=\"dashicon dashicons dashicons-no-alt\"><\/span><\/button><a id=\"term-id-12\" href=\"https:\/\/fvcb.com.br\/acervo\/exposicoes\/eu-estou-aqui-agora\/\" class=\" \"><img decoding=\"async\" src=\"https:\/\/fvcb.com.br\/acervo\/wp-content\/uploads\/2024\/10\/cropped-ScanResultado-275x275.webp\" alt=\"Eu estou aqui agora\"\/><span>Eu estou aqui agora<\/span><\/a><\/li><li class=\"term-list-item\"><button type=\"button\" class=\"components-button has-icon\" aria-label=\"Remover\"><span class=\"dashicon dashicons dashicons-no-alt\"><\/span><\/button><a id=\"term-id-7\" href=\"https:\/\/fvcb.com.br\/acervo\/exposicoes\/claudio-goulart-quando-o-horizonte-e-tao-vasto\/\" class=\" \"><img decoding=\"async\" src=\"https:\/\/fvcb.com.br\/acervo\/wp-content\/uploads\/2024\/10\/cropped-gResultado-275x275.webp\" alt=\"Claudio Goulart | Quando o horizonte \u00e9 t\u00e3o vasto\"\/><span>Claudio Goulart | Quando o horizonte \u00e9 t\u00e3o vasto<\/span><\/a><\/li><li class=\"term-list-item\"><button type=\"button\" class=\"components-button has-icon\" aria-label=\"Remover\"><span class=\"dashicon dashicons dashicons-no-alt\"><\/span><\/button><a id=\"term-id-6\" href=\"https:\/\/fvcb.com.br\/acervo\/exposicoes\/apropriacoes-variacoes-e-neopalimpsestos\/\" class=\" \"><img decoding=\"async\" src=\"https:\/\/fvcb.com.br\/acervo\/wp-content\/uploads\/2024\/10\/ScanResultado-1-275x275.webp\" alt=\"Apropria\u00e7\u00f5es, Varia\u00e7\u00f5es e Neopalimpsestos\"\/><span>Apropria\u00e7\u00f5es, Varia\u00e7\u00f5es e Neopalimpsestos<\/span><\/a><\/li><li class=\"term-list-item\"><button type=\"button\" class=\"components-button has-icon\" aria-label=\"Remover\"><span class=\"dashicon dashicons dashicons-no-alt\"><\/span><\/button><a id=\"term-id-3\" href=\"https:\/\/fvcb.com.br\/acervo\/exposicoes\/a-condicao-basica\/\" class=\" \"><img decoding=\"async\" src=\"https:\/\/fvcb.com.br\/acervo\/wp-content\/uploads\/2024\/10\/cropped-A-condicao-basica-texto-de-parede-1Resultado-275x275.webp\" alt=\"A Condi\u00e7\u00e3o B\u00e1sica\"\/><span>A Condi\u00e7\u00e3o B\u00e1sica<\/span><\/a><\/li><li class=\"term-list-item\"><button type=\"button\" class=\"components-button has-icon\" aria-label=\"Remover\"><span class=\"dashicon dashicons dashicons-no-alt\"><\/span><\/button><a id=\"term-id-5\" href=\"https:\/\/fvcb.com.br\/acervo\/exposicoes\/aa\/\" class=\" \"><img decoding=\"async\" src=\"https:\/\/fvcb.com.br\/acervo\/wp-content\/uploads\/2024\/10\/cropped-9Resultado-275x275.webp\" alt=\"A\u00e3\"\/><span>A\u00e3<\/span><\/a><\/li><li class=\"term-list-item\"><button type=\"button\" class=\"components-button has-icon\" aria-label=\"Remover\"><span class=\"dashicon dashicons dashicons-no-alt\"><\/span><\/button><a id=\"term-id-26\" href=\"https:\/\/fvcb.com.br\/acervo\/exposicoes\/nervo-optico-40-anos\/\" class=\" \"><img decoding=\"async\" src=\"https:\/\/fvcb.com.br\/acervo\/wp-content\/uploads\/2024\/10\/cropped-Nervo-OpticoResultado-275x275.webp\" alt=\"NERVO \u00d3PTICO: 40 ANOS\"\/><span>NERVO \u00d3PTICO: 40 ANOS<\/span><\/a><\/li><li class=\"term-list-item\"><button type=\"button\" class=\"components-button has-icon\" aria-label=\"Remover\"><span class=\"dashicon dashicons dashicons-no-alt\"><\/span><\/button><a id=\"term-id-32\" href=\"https:\/\/fvcb.com.br\/acervo\/exposicoes\/silvio-nunes-pinto-oficio-e-engenho\/\" class=\" \"><img decoding=\"async\" src=\"https:\/\/fvcb.com.br\/acervo\/wp-content\/uploads\/2024\/10\/cropped-cropped-silviosaResultado-275x275.webp\" alt=\"Silvio Nunes Pinto: Of\u00edcio e Engenho\"\/><span>Silvio Nunes Pinto: Of\u00edcio e Engenho<\/span><\/a><\/li><li class=\"term-list-item\"><button type=\"button\" class=\"components-button has-icon\" aria-label=\"Remover\"><span class=\"dashicon dashicons dashicons-no-alt\"><\/span><\/button><a id=\"term-id-17\" href=\"https:\/\/fvcb.com.br\/acervo\/exposicoes\/humanas-interlocucoes\/\" class=\" \"><img decoding=\"async\" src=\"https:\/\/fvcb.com.br\/acervo\/wp-content\/uploads\/2024\/10\/cropped-Identidade-VisualResultado-275x275.webp\" alt=\"Humanas Interlocu\u00e7\u00f5es\"\/><span>Humanas Interlocu\u00e7\u00f5es<\/span><\/a><\/li><li class=\"term-list-item\"><button type=\"button\" class=\"components-button has-icon\" aria-label=\"Remover\"><span class=\"dashicon dashicons dashicons-no-alt\"><\/span><\/button><a id=\"term-id-9\" href=\"https:\/\/fvcb.com.br\/acervo\/exposicoes\/destino-dos-objetos\/\" class=\" \"><img decoding=\"async\" src=\"https:\/\/fvcb.com.br\/acervo\/wp-content\/uploads\/2024\/10\/cropped-Convite-Christo-Destino-dos-Objetos-275x275.png\" alt=\"Destino dos Objetos\"\/><span>Destino dos Objetos<\/span><\/a><\/li><li class=\"term-list-item\"><button type=\"button\" class=\"components-button has-icon\" aria-label=\"Remover\"><span class=\"dashicon dashicons dashicons-no-alt\"><\/span><\/button><a id=\"term-id-25\" href=\"https:\/\/fvcb.com.br\/acervo\/exposicoes\/nelson-wiegert-i-formulas-abstratas\/\" class=\" \"><img decoding=\"async\" src=\"https:\/\/fvcb.com.br\/acervo\/wp-content\/uploads\/2024\/10\/cropped-Nelson-WResultado-275x275.webp\" alt=\"Nelson Wiegert I F\u00f3rmulas Abstratas\"\/><span>Nelson Wiegert I F\u00f3rmulas Abstratas<\/span><\/a><\/li><li class=\"term-list-item\"><button type=\"button\" class=\"components-button has-icon\" aria-label=\"Remover\"><span class=\"dashicon dashicons dashicons-no-alt\"><\/span><\/button><a id=\"term-id-34\" href=\"https:\/\/fvcb.com.br\/acervo\/exposicoes\/um-salto-no-espaco\/\" class=\" \"><img decoding=\"async\" src=\"https:\/\/fvcb.com.br\/acervo\/wp-content\/uploads\/2024\/10\/cropped-um-salto-no-espacoResultado-275x275.webp\" alt=\"Um Salto no Espa\u00e7o\"\/><span>Um Salto no Espa\u00e7o<\/span><\/a><\/li><li class=\"term-list-item\"><button type=\"button\" class=\"components-button has-icon\" aria-label=\"Remover\"><span class=\"dashicon dashicons dashicons-no-alt\"><\/span><\/button><a id=\"term-id-13\" href=\"https:\/\/fvcb.com.br\/acervo\/exposicoes\/fotografia-transversa\/\" class=\" \"><img decoding=\"async\" src=\"https:\/\/fvcb.com.br\/acervo\/wp-content\/uploads\/2024\/10\/fResultado-275x275.webp\" alt=\"Fotografia Transversa\"\/><span>Fotografia Transversa<\/span><\/a><\/li><li class=\"term-list-item\"><button type=\"button\" class=\"components-button has-icon\" aria-label=\"Remover\"><span class=\"dashicon dashicons dashicons-no-alt\"><\/span><\/button><a id=\"term-id-20\" href=\"https:\/\/fvcb.com.br\/acervo\/exposicoes\/ineditos-ou-quase\/\" class=\" \"><img decoding=\"async\" src=\"https:\/\/fvcb.com.br\/acervo\/wp-content\/uploads\/2024\/10\/cropped-inResultado-275x275.webp\" alt=\"In\u00e9ditos, ou quase\u2026\"\/><span>In\u00e9ditos, ou quase\u2026<\/span><\/a><\/li><li class=\"term-list-item\"><button type=\"button\" class=\"components-button has-icon\" aria-label=\"Remover\"><span class=\"dashicon dashicons dashicons-no-alt\"><\/span><\/button><a id=\"term-id-22\" href=\"https:\/\/fvcb.com.br\/acervo\/exposicoes\/limites-do-imaginario\/\" class=\" \"><img decoding=\"async\" src=\"https:\/\/fvcb.com.br\/acervo\/wp-content\/uploads\/2024\/10\/cropped-LimitesResultado-275x275.webp\" alt=\"Limites do imagin\u00e1rio\"\/><span>Limites do imagin\u00e1rio<\/span><\/a><\/li><li class=\"term-list-item\"><button type=\"button\" class=\"components-button has-icon\" aria-label=\"Remover\"><span class=\"dashicon dashicons dashicons-no-alt\"><\/span><\/button><a id=\"term-id-21\" href=\"https:\/\/fvcb.com.br\/acervo\/exposicoes\/julio-plaza-construcoes-poeticas\/\" class=\" \"><img decoding=\"async\" src=\"https:\/\/fvcb.com.br\/acervo\/wp-content\/uploads\/2024\/10\/cropped-FACEBOOK-Capa-livroResultado-275x275.webp\" alt=\"Julio Plaza, Constru\u00e7\u00f5es Po\u00e9ticas\"\/><span>Julio Plaza, Constru\u00e7\u00f5es Po\u00e9ticas<\/span><\/a><\/li><li class=\"term-list-item\"><button type=\"button\" class=\"components-button has-icon\" aria-label=\"Remover\"><span class=\"dashicon dashicons dashicons-no-alt\"><\/span><\/button><a id=\"term-id-8\" href=\"https:\/\/fvcb.com.br\/acervo\/exposicoes\/des-estruturas\/\" class=\" \"><img decoding=\"async\" src=\"https:\/\/fvcb.com.br\/acervo\/wp-content\/uploads\/2024\/10\/cropped-capa003Resultado-275x275.webp\" alt=\"Des Estruturas\"\/><span>Des Estruturas<\/span><\/a><\/li><li class=\"term-list-item\"><button type=\"button\" class=\"components-button has-icon\" aria-label=\"Remover\"><span class=\"dashicon dashicons dashicons-no-alt\"><\/span><\/button><a id=\"term-id-33\" href=\"https:\/\/fvcb.com.br\/acervo\/exposicoes\/um-ponto-de-ironia\/\" class=\" \"><img decoding=\"async\" src=\"https:\/\/fvcb.com.br\/acervo\/wp-content\/uploads\/2024\/10\/cropped-cropped-fvcb_convite_UmPontodeIronia-275x275.png\" alt=\"Um Ponto de Ironia\"\/><span>Um Ponto de Ironia<\/span><\/a><\/li><li class=\"term-list-item\"><button type=\"button\" class=\"components-button has-icon\" aria-label=\"Remover\"><span class=\"dashicon dashicons dashicons-no-alt\"><\/span><\/button><a id=\"term-id-28\" href=\"https:\/\/fvcb.com.br\/acervo\/exposicoes\/pintura-da-materia-a-representacao\/\" class=\" \"><img decoding=\"async\" src=\"https:\/\/fvcb.com.br\/acervo\/wp-content\/uploads\/2024\/10\/cropped-capa005Resultado-275x275.webp\" alt=\"Pintura: da mat\u00e9ria \u00e0 representa\u00e7\u00e3o\"\/><span>Pintura: da mat\u00e9ria \u00e0 representa\u00e7\u00e3o<\/span><\/a><\/li><li class=\"term-list-item\"><button type=\"button\" class=\"components-button has-icon\" aria-label=\"Remover\"><span class=\"dashicon dashicons dashicons-no-alt\"><\/span><\/button><a id=\"term-id-31\" href=\"https:\/\/fvcb.com.br\/acervo\/exposicoes\/silencios-e-sussurros\/\" class=\" \"><img decoding=\"async\" src=\"https:\/\/fvcb.com.br\/acervo\/wp-content\/uploads\/2024\/10\/cropped-capa001Resultado-275x275.webp\" alt=\"Sil\u00eancios e Sussurros\"\/><span>Sil\u00eancios e Sussurros<\/span><\/a><\/li><li class=\"term-list-item\"><button type=\"button\" class=\"components-button has-icon\" aria-label=\"Remover\"><span class=\"dashicon dashicons dashicons-no-alt\"><\/span><\/button><a id=\"term-id-27\" href=\"https:\/\/fvcb.com.br\/acervo\/exposicoes\/olhos-vendados\/\" class=\" \"><img decoding=\"async\" src=\"https:\/\/fvcb.com.br\/acervo\/wp-content\/uploads\/2024\/10\/cropped-convite-frenteResultado-275x275.webp\" alt=\"Olhos Vendados\"\/><span>Olhos Vendados<\/span><\/a><\/li><li class=\"term-list-item\"><button type=\"button\" class=\"components-button has-icon\" aria-label=\"Remover\"><span class=\"dashicon dashicons dashicons-no-alt\"><\/span><\/button><a id=\"term-id-16\" href=\"https:\/\/fvcb.com.br\/acervo\/exposicoes\/hudinilson-jr-xerografias-pinturas-colagens-livros-e-objetos\/\" class=\" \"><img decoding=\"async\" src=\"https:\/\/fvcb.com.br\/acervo\/wp-content\/uploads\/2024\/10\/cropped-hudinilson-1Resultado-275x275.webp\" alt=\"Hudinilson Jr \u2013 Xerografias, Pinturas, Colagens, Livros e Objetos\"\/><span>Hudinilson Jr \u2013 Xerografias, Pinturas, Colagens, Livros e Objetos<\/span><\/a><\/li><li class=\"term-list-item\"><button type=\"button\" class=\"components-button has-icon\" aria-label=\"Remover\"><span class=\"dashicon dashicons dashicons-no-alt\"><\/span><\/button><a id=\"term-id-24\" href=\"https:\/\/fvcb.com.br\/acervo\/exposicoes\/nao-existem-dois-elefantes-iguais\/\" class=\" \"><img decoding=\"async\" src=\"https:\/\/fvcb.com.br\/acervo\/wp-content\/uploads\/2024\/10\/cropped-cropped-convite-mostraResultado-275x275.webp\" alt=\"N\u00e3o Existem dois Elefantes Iguais\"\/><span>N\u00e3o Existem dois Elefantes Iguais<\/span><\/a><\/li><li class=\"term-list-item\"><button type=\"button\" class=\"components-button has-icon\" aria-label=\"Remover\"><span class=\"dashicon dashicons dashicons-no-alt\"><\/span><\/button><a id=\"term-id-14\" href=\"https:\/\/fvcb.com.br\/acervo\/exposicoes\/frantz-livros-e-pinturas\/\" class=\" \"><img decoding=\"async\" src=\"https:\/\/fvcb.com.br\/acervo\/wp-content\/uploads\/2024\/10\/cropped-Frantz-livros-e-pinturasResultado-275x275.webp\" alt=\"Frantz \u2013 Livros e Pinturas\"\/><span>Frantz \u2013 Livros e Pinturas<\/span><\/a><\/li><li class=\"term-list-item\"><button type=\"button\" class=\"components-button has-icon\" aria-label=\"Remover\"><span class=\"dashicon dashicons dashicons-no-alt\"><\/span><\/button><a id=\"term-id-29\" href=\"https:\/\/fvcb.com.br\/acervo\/exposicoes\/re-visoes-fotografias-de-clovis-dariano\/\" class=\" \"><img decoding=\"async\" src=\"https:\/\/fvcb.com.br\/acervo\/wp-content\/uploads\/2024\/10\/cropped-DSC_7537re-visoes-peq-275x275.jpg\" alt=\"Re-Vis\u00f5es - fotografias de Cl\u00f3vis Dariano\"\/><span>Re-Vis\u00f5es &#8211; fotografias de Cl\u00f3vis Dariano<\/span><\/a><\/li><li class=\"term-list-item\"><button type=\"button\" class=\"components-button has-icon\" aria-label=\"Remover\"><span class=\"dashicon dashicons dashicons-no-alt\"><\/span><\/button><a id=\"term-id-4\" href=\"https:\/\/fvcb.com.br\/acervo\/exposicoes\/a-imagem-lucida-fotografia-contemporanea-no-acervo-da-fvcb\/\" class=\" \"><img decoding=\"async\" src=\"https:\/\/fvcb.com.br\/acervo\/wp-content\/uploads\/2024\/10\/Design-sem-nome-25-275x275.png\" alt=\"A Imagem L\u00facida \u2013 Fotografia Contempor\u00e2nea no acervo da FVCB\"\/><span>A Imagem L\u00facida \u2013 Fotografia Contempor\u00e2nea no acervo da FVCB<\/span><\/a><\/li><li class=\"term-list-item\"><button type=\"button\" class=\"components-button has-icon\" aria-label=\"Remover\"><span class=\"dashicon dashicons dashicons-no-alt\"><\/span><\/button><a id=\"term-id-11\" href=\"https:\/\/fvcb.com.br\/acervo\/exposicoes\/enigmas-fotografias-e-instalacoes-de-vera-chaves-barcellos\/\" class=\" \"><img decoding=\"async\" src=\"https:\/\/fvcb.com.br\/acervo\/wp-content\/uploads\/2024\/10\/cropped-triomacacosResultado-275x275.webp\" alt=\"Enigmas - Fotografias e instala\u00e7\u00f5es de Vera Chaves Barcellos\"\/><span>Enigmas &#8211; Fotografias e instala\u00e7\u00f5es de Vera Chaves Barcellos<\/span><\/a><\/li><\/ul><\/div>\n","protected":false},"excerpt":{"rendered":"<p>Ao longo dos quase 20 anos de exist\u00eancia da Funda\u00e7\u00e3o Vera Chaves Barcellos (FVCB), foram realizadas at\u00e9 o momento 34 exposi\u00e7\u00f5es. Sete dessas exposi\u00e7\u00f5es ocorreram no Espa\u00e7o 0, a antiga sede da funda\u00e7\u00e3o, localizada na Galeria Chaves Barcellos, em Porto Alegre\/RS. Essas exposi\u00e7\u00f5es revelam a diversidade lingu\u00edstica do acervo art\u00edstico, destacando as diferentes correntes de [&hellip;]<\/p>\n","protected":false},"author":2,"featured_media":0,"parent":0,"menu_order":0,"comment_status":"closed","ping_status":"closed","template":"","meta":{"footnotes":""},"class_list":["post-34339","page","type-page","status-publish","hentry"],"_links":{"self":[{"href":"https:\/\/fvcb.com.br\/acervo\/wp-json\/wp\/v2\/pages\/34339","targetHints":{"allow":["GET"]}}],"collection":[{"href":"https:\/\/fvcb.com.br\/acervo\/wp-json\/wp\/v2\/pages"}],"about":[{"href":"https:\/\/fvcb.com.br\/acervo\/wp-json\/wp\/v2\/types\/page"}],"author":[{"embeddable":true,"href":"https:\/\/fvcb.com.br\/acervo\/wp-json\/wp\/v2\/users\/2"}],"replies":[{"embeddable":true,"href":"https:\/\/fvcb.com.br\/acervo\/wp-json\/wp\/v2\/comments?post=34339"}],"version-history":[{"count":8,"href":"https:\/\/fvcb.com.br\/acervo\/wp-json\/wp\/v2\/pages\/34339\/revisions"}],"predecessor-version":[{"id":165080,"href":"https:\/\/fvcb.com.br\/acervo\/wp-json\/wp\/v2\/pages\/34339\/revisions\/165080"}],"wp:attachment":[{"href":"https:\/\/fvcb.com.br\/acervo\/wp-json\/wp\/v2\/media?parent=34339"}],"curies":[{"name":"wp","href":"https:\/\/api.w.org\/{rel}","templated":true}]}}