{"id":60776,"date":"2024-11-08T13:12:20","date_gmt":"2024-11-08T16:12:20","guid":{"rendered":"https:\/\/fvcb.com.br\/acervo\/?page_id=60776"},"modified":"2026-01-22T10:39:34","modified_gmt":"2026-01-22T13:39:34","slug":"glossario","status":"publish","type":"page","link":"https:\/\/fvcb.com.br\/acervo\/glossario\/","title":{"rendered":"Gloss\u00e1rio"},"content":{"rendered":"\n<figure class=\"wp-block-table is-style-stripes\"><table class=\"has-fixed-layout\"><tbody><tr><td><strong><mark style=\"background-color:rgba(0, 0, 0, 0)\" class=\"has-inline-color has-default-color\">Tainacan<\/mark><\/strong><\/td><td><mark style=\"background-color:rgba(0, 0, 0, 0)\" class=\"has-inline-color has-darkgray-color\">Uma plataforma de c\u00f3digo aberto voltada para a gest\u00e3o e publica\u00e7\u00e3o de acervos digitais de museus e institui\u00e7\u00f5es culturais, facilitando o acesso online \u00e0s cole\u00e7\u00f5es. Desenvolvido em parceria com o Instituto Brasileiro de Museus &#8211;&nbsp; Ibram, o Tainacan visa digitalizar e democratizar o acesso ao patrim\u00f4nio cultural brasileiro, promovendo transpar\u00eancia e preserva\u00e7\u00e3o digital para museus de diferentes portes.<\/mark><\/td><\/tr><tr><td><strong><mark style=\"background-color:rgba(0, 0, 0, 0)\" class=\"has-inline-color has-default-color\">Cole\u00e7\u00f5es<\/mark><\/strong><\/td><td><mark style=\"background-color:rgba(0, 0, 0, 0)\" class=\"has-inline-color has-darkgray-color\">Dois grandes recortes do nosso acervo que compreendem as obras, sendo divididas em artistas contempor\u00e2neos, e uma cole\u00e7\u00e3o dedicada \u00e0 Vera Chaves Barcellos.<\/mark><\/td><\/tr><tr><td><strong><mark style=\"background-color:rgba(0, 0, 0, 0)\" class=\"has-inline-color has-default-color\">Subcole\u00e7\u00f5es<\/mark><\/strong><\/td><td><mark style=\"background-color:rgba(0, 0, 0, 0)\" class=\"has-inline-color has-darkgray-color\">Recorte da obra de tr\u00eas artistas dos quais possu\u00edmos parte expressiva de sua produ\u00e7\u00e3o. S\u00e3o eles: Claudio Goulart, Patricio Far\u00edas e Silvio Nunes Pinto.<\/mark><\/td><\/tr><tr><td><mark style=\"background-color:rgba(0, 0, 0, 0)\" class=\"has-inline-color has-default-color\"><strong>Metadados<\/strong><\/mark><\/td><td><mark style=\"background-color:rgba(0, 0, 0, 0)\" class=\"has-inline-color has-darkgray-color\"> Informa\u00e7\u00e3o que descreve e caracteriza um objeto museol\u00f3gico ou o pr\u00f3prio processo de documenta\u00e7\u00e3o. Ele funciona como uma &#8220;informa\u00e7\u00e3o sobre a informa\u00e7\u00e3o&#8221;, servindo para contextualizar, identificar, organizar e facilitar a salvaguarda do objeto no acervo<\/mark>.<\/td><\/tr><tr><td><strong><mark style=\"background-color:rgba(0, 0, 0, 0)\" class=\"has-inline-color has-default-color\">Taxonomias<\/mark><\/strong><\/td><td><mark style=\"background-color:rgba(0, 0, 0, 0)\" class=\"has-inline-color has-darkgray-color\">Formas de agrupar e filtrar as obras da cole\u00e7\u00e3o. S\u00e3o taxonomias no reposit\u00f3rio da FVCB, os seguintes termos: Artistas, Exposi\u00e7\u00f5es, T\u00e9cnica e Denomina\u00e7\u00e3o.<\/mark><\/td><\/tr><tr><td><strong><mark style=\"background-color:rgba(0, 0, 0, 0)\" class=\"has-inline-color has-default-color\">Denomina\u00e7\u00f5es<\/mark><\/strong><\/td><td><mark style=\"background-color:rgba(0, 0, 0, 0)\" class=\"has-inline-color has-darkgray-color\">Identifica o g\u00eanero de obra descrito. De uma maneira geral, a denomina\u00e7\u00e3o refere-se \u00e0 forma f\u00edsica, fun\u00e7\u00e3o ou meio da obra, por exemplo: Arte impressa, Pintura, Instala\u00e7\u00e3o, entre outras.&nbsp;<\/mark><\/td><\/tr><tr><td><mark style=\"background-color:rgba(0, 0, 0, 0)\" class=\"has-inline-color has-default-color\"><strong>Desdobramentos<\/strong><\/mark><\/td><td><mark style=\"background-color:rgba(0, 0, 0, 0)\" class=\"has-inline-color has-darkgray-color\">Elementos e extens\u00f5es que comp\u00f5em a totalidade de uma obra, incluindo, por exemplo, cada fotografia em uma s\u00e9rie fotogr\u00e1fica ou as diferentes partes de uma instala\u00e7\u00e3o. Esses itens s\u00e3o considerados partes integrantes que, juntos, constituem a obra completa, proporcionando uma vis\u00e3o mais ampla e detalhada da proposta art\u00edstica.<\/mark><\/td><\/tr><tr><td><strong><mark style=\"background-color:rgba(0, 0, 0, 0)\" class=\"has-inline-color has-default-color\">Obras relacionadas<\/mark><\/strong><\/td><td><mark style=\"background-color:rgba(0, 0, 0, 0)\" class=\"has-inline-color has-darkgray-color\">Obras que possuem rela\u00e7\u00e3o com o item em quest\u00e3o, incluindo varia\u00e7\u00f5es do mesmo trabalho ou pertencentes a uma mesma s\u00e9rie.<\/mark><\/td><\/tr><\/tbody><\/table><\/figure>\n\n\n\n<p><\/p>\n","protected":false},"excerpt":{"rendered":"<p>Tainacan Uma plataforma de c\u00f3digo aberto voltada para a gest\u00e3o e publica\u00e7\u00e3o de acervos digitais de museus e institui\u00e7\u00f5es culturais, facilitando o acesso online \u00e0s cole\u00e7\u00f5es. Desenvolvido em parceria com o Instituto Brasileiro de Museus &#8211;&nbsp; Ibram, o Tainacan visa digitalizar e democratizar o acesso ao patrim\u00f4nio cultural brasileiro, promovendo transpar\u00eancia e preserva\u00e7\u00e3o digital para [&hellip;]<\/p>\n","protected":false},"author":3,"featured_media":0,"parent":0,"menu_order":0,"comment_status":"closed","ping_status":"closed","template":"","meta":{"footnotes":""},"class_list":["post-60776","page","type-page","status-publish","hentry"],"_links":{"self":[{"href":"https:\/\/fvcb.com.br\/acervo\/wp-json\/wp\/v2\/pages\/60776","targetHints":{"allow":["GET"]}}],"collection":[{"href":"https:\/\/fvcb.com.br\/acervo\/wp-json\/wp\/v2\/pages"}],"about":[{"href":"https:\/\/fvcb.com.br\/acervo\/wp-json\/wp\/v2\/types\/page"}],"author":[{"embeddable":true,"href":"https:\/\/fvcb.com.br\/acervo\/wp-json\/wp\/v2\/users\/3"}],"replies":[{"embeddable":true,"href":"https:\/\/fvcb.com.br\/acervo\/wp-json\/wp\/v2\/comments?post=60776"}],"version-history":[{"count":10,"href":"https:\/\/fvcb.com.br\/acervo\/wp-json\/wp\/v2\/pages\/60776\/revisions"}],"predecessor-version":[{"id":125353,"href":"https:\/\/fvcb.com.br\/acervo\/wp-json\/wp\/v2\/pages\/60776\/revisions\/125353"}],"wp:attachment":[{"href":"https:\/\/fvcb.com.br\/acervo\/wp-json\/wp\/v2\/media?parent=60776"}],"curies":[{"name":"wp","href":"https:\/\/api.w.org\/{rel}","templated":true}]}}